{"id":1198,"date":"2012-09-15T14:13:44","date_gmt":"2012-09-15T12:13:44","guid":{"rendered":"http:\/\/chico.fr\/chicowp\/?page_id=1007"},"modified":"2012-11-06T17:20:33","modified_gmt":"2012-11-06T16:20:33","slug":"artiste-de-lunesco-pour-la-paix","status":"publish","type":"page","link":"http:\/\/chico.fr\/chicowp\/artiste-de-lunesco-pour-la-paix\/","title":{"rendered":"Artiste de l&rsquo;UNESCO pour la paix"},"content":{"rendered":"<p style=\"text-align: left;\">En septembre 1994, \u00e0 Oslo, les Nations Unies invitent \u00ab\u00a0Chico &amp; the Gypsies\u00a0\u00bb, avec Harry Belafonte et Montserrat Caball\u00e9, pour jouer et c\u00e9l\u00e9brer\u00a0le premier anniversaire du trait\u00e9 de paix en pr\u00e9sence de Shimon Peres et Yasser Arafat.\u00a0C \u2018est un \u00e9v\u00e9nement mondial !<\/p>\n<p style=\"text-align: left;\">Le Directeur G\u00e9n\u00e9ral de l\u2019UNESCO, F\u00e9d\u00e9rico MAYOR, touch\u00e9 par l\u2019attitude de Chico, par ses d\u00e9marches f\u00e9d\u00e9ratrices et par sa musique universelle, d\u00e9cide de le nommer \u00a0\u00ab Envoy\u00e9 sp\u00e9cial de l\u2019UNESCO pour la paix \u00bb\u00a0le 9 mai 1996, avec pour parrain le Commandant COUSTEAU. \u00a0Encore aujourd\u2019hui \u00ab\u00a0Artiste de l\u2019UNESCO pour la paix\u00a0\u00bb, la confiance accord\u00e9e par cette prestigieuse institution lui a \u00e9t\u00e9 sans cesse renouvel\u00e9e.<\/p>\n<p style=\"text-align: left;\">\n<p style=\"text-align: center;\"><a href=\"http:\/\/chico.fr\/chicowp\/wp-content\/uploads\/2012\/09\/unesco.jpg\"><img decoding=\"async\" loading=\"lazy\" class=\"alignnone  wp-image-1002\" title=\"unesco\" src=\"http:\/\/chico.fr\/chicowp\/wp-content\/uploads\/2012\/09\/unesco-300x222.jpg\" alt=\"\" width=\"304\" height=\"224\" \/><\/a> <a href=\"http:\/\/chico.fr\/chicowp\/wp-content\/uploads\/2012\/09\/unesco96.jpg\"><img decoding=\"async\" loading=\"lazy\" class=\"alignnone size-medium wp-image-1003\" title=\"unesco96\" src=\"http:\/\/chico.fr\/chicowp\/wp-content\/uploads\/2012\/09\/unesco96-300x225.jpg\" alt=\"\" width=\"300\" height=\"225\" \/><\/a> <a href=\"http:\/\/chico.fr\/chicowp\/wp-content\/uploads\/2012\/09\/PerezArafat.jpg\"><img decoding=\"async\" loading=\"lazy\" class=\"alignnone  wp-image-992\" title=\"PerezArafat\" src=\"http:\/\/chico.fr\/chicowp\/wp-content\/uploads\/2012\/09\/PerezArafat-300x288.jpg\" alt=\"\" width=\"234\" height=\"226\" \/><\/a><\/p>\n<p style=\"text-align: center;\"><a href=\"http:\/\/chico.fr\/chicowp\/wp-content\/uploads\/2012\/09\/DALAI.jpg\"><img decoding=\"async\" loading=\"lazy\" class=\"alignnone  wp-image-978\" title=\"DALAI\" src=\"http:\/\/chico.fr\/chicowp\/wp-content\/uploads\/2012\/09\/DALAI-300x217.jpg\" alt=\"\" width=\"268\" height=\"197\" \/><\/a> <a href=\"http:\/\/chico.fr\/chicowp\/wp-content\/uploads\/2012\/09\/abbepierre.jpg\"><img decoding=\"async\" loading=\"lazy\" class=\"alignnone  wp-image-965\" title=\"abbepierre\" src=\"http:\/\/chico.fr\/chicowp\/wp-content\/uploads\/2012\/09\/abbepierre-300x203.jpg\" alt=\"\" width=\"290\" height=\"196\" \/><\/a><\/p>\n","protected":false},"excerpt":{"rendered":"<p>En septembre 1994, \u00e0 Oslo, les Nations Unies invitent \u00ab\u00a0Chico &amp; the Gypsies\u00a0\u00bb, avec Harry Belafonte et Montserrat Caball\u00e9, pour jouer et c\u00e9l\u00e9brer\u00a0le premier anniversaire du trait\u00e9 de&#8230;<\/p>\n","protected":false},"author":4,"featured_media":0,"parent":0,"menu_order":0,"comment_status":"open","ping_status":"open","template":"page-full.php","meta":{"ngg_post_thumbnail":0},"aioseo_notices":[],"_links":{"self":[{"href":"http:\/\/chico.fr\/chicowp\/wp-json\/wp\/v2\/pages\/1198"}],"collection":[{"href":"http:\/\/chico.fr\/chicowp\/wp-json\/wp\/v2\/pages"}],"about":[{"href":"http:\/\/chico.fr\/chicowp\/wp-json\/wp\/v2\/types\/page"}],"author":[{"embeddable":true,"href":"http:\/\/chico.fr\/chicowp\/wp-json\/wp\/v2\/users\/4"}],"replies":[{"embeddable":true,"href":"http:\/\/chico.fr\/chicowp\/wp-json\/wp\/v2\/comments?post=1198"}],"version-history":[{"count":6,"href":"http:\/\/chico.fr\/chicowp\/wp-json\/wp\/v2\/pages\/1198\/revisions"}],"predecessor-version":[{"id":1329,"href":"http:\/\/chico.fr\/chicowp\/wp-json\/wp\/v2\/pages\/1198\/revisions\/1329"}],"wp:attachment":[{"href":"http:\/\/chico.fr\/chicowp\/wp-json\/wp\/v2\/media?parent=1198"}],"curies":[{"name":"wp","href":"https:\/\/api.w.org\/{rel}","templated":true}]}}